{"version":"1.0","provider_name":"Kult Blog: tartalom \u00e9s PR marketing","provider_url":"https:\/\/kult.cafeblog.hu","author_name":"Balla D. K\u00e1roj","author_url":"https:\/\/kult.cafeblog.hu\/author\/ungpartygmail-com\/","title":"V\u00e1ls\u00e1g? Mif\u00e9le v\u00e1ls\u00e1g? Az irodalom\u00e9?","html":"<h2>Ahol \u00e9n \u00e1llok, ott nincs v\u00e1ls\u00e1g<\/h2>\r\n<h3>Az irodalom v\u00e1ls\u00e1ga<\/h3>\r\n<p>Nemr\u00e9giben egy felk\u00e9r\u00e9sre reag\u00e1ltam. \u00a0Liter\u00e1tus bar\u00e1tom arra k\u00e9rte koll\u00e9g\u00e1it, sz\u00f3ljanak hozz\u00e1 v\u00e9lem\u00e9ny\u00e9hez, amely ezzel a mondattal kezd\u0151d\u00f6tt: \u201eLetagadhatatlan, hogy az irodalom v\u00e1ls\u00e1gban van\u201d, s egy r\u00f6vid bekezd\u00e9sben ki is fejtette, szerinte mi\u00e9rt, azt \u00e1ll\u00edtva p\u00e9ld\u00e1ul, hogy \u201eA t\u00f6bb \u00e9ves munk\u00e1t ig\u00e9nyl\u0151, prec\u00edzen kidolgozott nagyreg\u00e9nyek ideje le\u00e1ldozott\u201d. Ezzel semmik\u00e9ppen nem \u00e9rthettem egyet, hiszen \u00e9pp most ker\u00fclt az olvas\u00f3 el\u00e9 egy pont ilyen reg\u00e9nyem. (M\u00e1s k\u00e9rd\u00e9s, hogy a kult\u00fara int\u00e9zm\u00e9nyrendszere komoly vesz\u00e9lyben van, al\u00e1 is \u00edrtam a pet\u00edci\u00f3t. Maga az irodalom azonban\u2026) Akkor adott v\u00e1laszom bizonyos fejlem\u00e9nyek miatt friss\u00edt\u00e9sre szorult, \u00edgy itt most egy aktualiz\u00e1lt, kib\u0151v\u00edtett, linkekkel megt\u0171zdelt \u2013 \u00e9s eredetileg is kell\u0151k\u00e9ppen nagyk\u00e9p\u0171 \u2013 sz\u00f6veget adok k\u00f6zre.<\/p>\r\n<blockquote>\r\n<h2>M\u00e9g hogy v\u00e1ls\u00e1g?<\/h2>\r\nAmikor egyszer a legnagyobb magyar sz\u00edn\u00e9szn\u0151k egyike valami isten h\u00e1ta m\u00f6g\u00f6tti helyen k\u00e9nyszer\u00fclt fell\u00e9pni, k\u00f6rben\u00e9zett a porf\u00e9szekben \u00e9s azt mondta: \u201eA sz\u00ednh\u00e1z ott van, ahol \u00e9n j\u00e1tszom.\u201d K\u00f6zismert szer\u00e9nys\u00e9gemt\u0151l ind\u00edttatva most \u00e9n is hasonl\u00f3 m\u00f3don n\u00e9zek k\u00f6rbe a \u201eLetagadhatatlan, hogy az irodalom v\u00e1ls\u00e1gban van\u201d kijelent\u00e9s k\u00f6rny\u00e9k\u00e9n, \u00e9s azt mondom, nincs itt semmif\u00e9le v\u00e1ls\u00e1g, minthogy irodalom ott van, ahol \u00e9n \u00edrok, \u00e9n pedig nem vagyok kr\u00edzisben, mondhatni ellenkez\u0151leg, a n\u00e9h\u00e1ny \u00e9vvel ezel\u0151tti megtorpan\u00e1s ut\u00e1n most kora-\u00f6regkori m\u00e1sodvir\u00e1gz\u00e1som szirmait bontogatom egyre s m\u00e1sra, k\u00f6zben \u00faj hajt\u00e1sokat eresztek \u00e9s szorgosan \u00e9les\u00edtgetem k\u00f6z\u00edr\u00f3i t\u00f6viseimet is. Most jelent meg a \u201et\u00f6bb \u00e9ves munk\u00e1t ig\u00e9nyl\u0151, prec\u00edzen kidolgozott\u201d <a href=\"http:\/\/tejmozi.blog.hu\/\" target=\"_blank\" rel=\"noopener\">reg\u00e9nyem<\/a>, nagyobbfajta versv\u00e1logat\u00e1som egy m\u00e1sik, napl\u00f3k\u00f6nyvem egy harmadik kiad\u00f3 v\u00e1rakoz\u00f3list\u00e1j\u00e1n, havi irodalmi-k\u00f6z\u00e9leti napl\u00f3jegyzetem imm\u00e1r hetedik \u00e9ve a Mozg\u00f3 Vil\u00e1gban, versford\u00edt\u00e1saim az ehavi Forr\u00e1sban, saj\u00e1tom az Opusban \u00e9s egy monstre rendezv\u00e9nyen, tov\u00e1bbiak b\u00edzhat\u00f3an m\u00e9g az id\u00e9n az Es\u0151ben \u00e9s a B\u00e1rk\u00e1ban, limerickjeim, haikuim \u00e9s aforizm\u00e1im ellen\u0151rizetlen\u00fcl terjednek a h\u00e1l\u00f3n, van huszon\u00f6t webhelyem, \u00edrok irodalomr\u00f3l, filmekr\u0151l, zen\u00e9r\u0151l, politik\u00e1r\u00f3l, ind\u00edtok akci\u00f3kat, r\u00e9szt veszek m\u00e1sok\u00e9iban, megalkottam \u00e9s buzg\u00f3n m\u0171velem a posztmodern koan \u00e9s a <a href=\"http:\/\/ungparty.net\/blog\/tag\/halalaim\/\" target=\"_blank\" rel=\"noopener\">szarkasztikus \u00f6nhal\u00e1lh\u00edr<\/a> irodalmi m\u0171faj\u00e1t, annyi az altereg\u00f3m, hogy kegyeim\u00e9rt versengve m\u00e1r \u00f6sszevesznek egym\u00e1ssal, van tov\u00e1bb\u00e1 virtu\u00e1lis irodalmi felolvas\u00f3helyem \u00e9s egyszem\u00e9lyes alkot\u00f3csoportom (a Kilencek, Nyolcak, Hetek stb. mint\u00e1j\u00e1ra l\u00e9trehozott Egyek), nemzeti holdfogyatkoz\u00e1st tartottam a K\u00e1rp\u00e1t-medenc\u00e9ben, mik\u00f6zben a helyb\u00e9li \u00e1llatv\u00e9d\u0151k \u00e9rdemeimet elismerve kineveztek K\u00e1rp\u00e1talja d\u00edszpinty\u00e9v\u00e9. M\u00e9g hogy v\u00e1ls\u00e1g???! Piha!<\/blockquote>\r\n<p>itt is: <a href=\"https:\/\/ungparty.wordpress.com\/category\/kult\/irodalom\/\" target=\"_blank\" rel=\"noopener\">irodalom<\/a><\/p>","type":"rich"}